{"id":10335,"date":"2020-06-30T23:01:17","date_gmt":"2020-06-30T20:01:17","guid":{"rendered":"https:\/\/www.ekonomit.fi\/?page_id=10335"},"modified":"2025-09-10T08:39:55","modified_gmt":"2025-09-10T05:39:55","slug":"fem-ar-i-arbetslivet","status":"publish","type":"page","link":"https:\/\/www.ekonomit.fi\/sv\/fem-ar-i-arbetslivet\/","title":{"rendered":"Fem \u00e5r i arbetslivet"},"content":{"rendered":"\n<h3 class=\"wp-block-heading\">I karri\u00e4ruppf\u00f6ljningsrapporten <em>Fem \u00e5r i arbetslivet <\/em>presenteras personer som avlagt ekonomie magisterexamen och deras tillfredsst\u00e4llelse med examen, arbetsmarknadssituationen, l\u00f6neniv\u00e5n samt den upplevda betydelsen av universitetsexamen och de kunskaper och f\u00e4rdigheter som f\u00f6rv\u00e4rvats i samband med den med tanke p\u00e5 det nuvarande arbetet.<\/h3>\n\n\n\n<p><\/p>\n\n\n\n<p>Du kan ocks\u00e5 utforska enk\u00e4tens resultat i ett interaktivt verktyg, d\u00e4r du sj\u00e4lv kan v\u00e4lja variabler och se resultaten utifr\u00e5n dina val!<\/p>\n\n\n\n<div class=\"wp-block-columns is-layout-flex wp-container-core-columns-is-layout-9d6595d7 wp-block-columns-is-layout-flex\">\n<div class=\"wp-block-column is-layout-flow wp-block-column-is-layout-flow\">\n<div class=\"wp-block-buttons is-layout-flex wp-block-buttons-is-layout-flex\">\n<div class=\"wp-block-button\"><a class=\"wp-block-button__link wp-element-button\" href=\"https:\/\/app.powerbi.com\/view?r=eyJrIjoiYjQ0YjIyNmQtMjRlNS00MDc5LWE5MDctZDgxOWJlMjkyYWMzIiwidCI6IjU5NzJhMjc5LTQ1YzItNGNjMi04ODkxLTQ4ZDdiOWUwNzZhZCIsImMiOjh9\" target=\"_blank\" rel=\"noreferrer noopener\">Resultat per universitet<\/a><\/div>\n<\/div>\n<\/div>\n\n\n\n<div class=\"wp-block-column is-layout-flow wp-block-column-is-layout-flow\">\n<div class=\"wp-block-buttons is-layout-flex wp-block-buttons-is-layout-flex\">\n<div class=\"wp-block-button\"><a class=\"wp-block-button__link wp-element-button\" href=\"https:\/\/app.powerbi.com\/view?r=eyJrIjoiZDUxMjhkNzYtNzIxMy00NTBhLTgyYjEtMDY0NjhlMjBhYWU3IiwidCI6IjU5NzJhMjc5LTQ1YzItNGNjMi04ODkxLTQ4ZDdiOWUwNzZhZCIsImMiOjh9\" target=\"_blank\" rel=\"noreferrer noopener\">Resultat j\u00e4mf\u00f6rt \u00f6ver \u00e5ren<\/a><\/div>\n<\/div>\n<\/div>\n<\/div>\n\n\n\n<p>Denna forskningsrapport behandlar de senaste resultaten av enk\u00e4ten \u201dFem \u00e5r i arbetslivet\u201d om situationen h\u00f6sten 2024. Enk\u00e4ten genomf\u00f6rdes av N\u00e4tverket f\u00f6r universitetens arbetslivs- och karri\u00e4rtj\u00e4nster Aarresaari. Enk\u00e4tens m\u00e5lgrupp \u00e4r personer som avlagt en ekonomie magisterexamen \u00e5r 2019. Rapporten inneh\u00e5ller ocks\u00e5 resultaten fr\u00e5n tv\u00e5 olika enk\u00e4ter (\u00e5ren 2023 och 2024) i diagramform. I rapporten presenteras personer som avlagt ekonomie magisterexamen och deras tillfredsst\u00e4llelse med examen, arbetsmarknadssituationen, l\u00f6neniv\u00e5n samt den upplevda betydelsen av universitetsexamen och de kunskaper och f\u00e4rdigheter som f\u00f6rv\u00e4rvats i samband med den med tanke p\u00e5 det nuvarande arbetet.<\/p>\n\n\n\n<p>Rapporten framskrider s\u00e5 att det f\u00f6rsta kapitlet presenterar bakgrundsvariabler som g\u00e4ller respondenterna, s\u00e5som k\u00f6nsf\u00f6rdelning och svarsfrekvens. I det andra kapitlet presenteras respondenternas allm\u00e4nna tillfredsst\u00e4llelse med den avlagda examen. I det tredje och fj\u00e4rde kapitlet behandlas respondenternas arbetskarri\u00e4r som helhet och arbetssituationen vid tidpunkten f\u00f6r enk\u00e4ten. I det femte kapitlet behandlas respondenternas syssels\u00e4ttningskvalitet, det vill s\u00e4ga hur v\u00e4l respondenterna upplever att arbetets kravniv\u00e5 motsvarar deras utbildning och hur n\u00f6jda de \u00e4r med den. I det sj\u00e4tte kapitlet analyseras hur v\u00e4l respondenterna anser att universitetsutbildningen har utvecklat olika kompetensomr\u00e5den och \u00e5 andra sidan hur viktiga de upplever dem f\u00f6r sitt nuvarande arbete.<\/p>\n\n\n\n<p>\u00c5r 2024 svarade 944 av 2 555 utexaminerade personer p\u00e5 enk\u00e4ten. Av respondenterna var andelen kvinnor (51 %) n\u00e5got h\u00f6gre \u00e4n andelen m\u00e4n. Cirka 70 % av respondenterna var 25\u201330 \u00e5r n\u00e4r de tog examen och d\u00e4rmed 30\u201335 \u00e5r n\u00e4r de svarade p\u00e5 enk\u00e4ten.<br>Nedan presenteras enk\u00e4tens svarsfrekvenser per universitet under de tv\u00e5 f\u00f6reg\u00e5ende \u00e5ren. Antalet personer som avlagt ekonomie magisterexamen \u00e5ren 2019 och 2018 har h\u00e4mtats fr\u00e5n Statistikcentralens databas f\u00f6r ber\u00e4kning av svarsfrekvensen. Svarsfrekvensen \u00e4r h\u00f6gst (56 %) bland personer som utexaminerats fr\u00e5n Jyv\u00e4skyl\u00e4 universitet. Svarsfrekvensen \u00e4r d\u00e4remot l\u00e4gst bland personer som utexaminerats fr\u00e5n Vasa universitet, varav endast tretton procent svarade p\u00e5 enk\u00e4ten.<\/p>\n\n\n\n<p>F\u00f6rdelningen av svarsfrekvenserna per universitet f\u00f6ljer grovt f\u00f6reg\u00e5ende \u00e5rs f\u00f6rdelning. Svarsfrekvensen bland utexaminerade vid \u00d6stra Finlands universitet \u00f6kade med fem procentenheter, medan motsvarande andel vid Tammerfors universitet har minskat med fyra procentenheter.<\/p>\n\n\n\n<p>Majoriteten av respondenterna var n\u00f6jda med ekonomie magisterexamen med tanke p\u00e5 sin karri\u00e4r. P\u00e5 samma s\u00e4tt var majoriteten av respondenterna n\u00f6jda med sin arbetskarri\u00e4r hittills.<\/p>\n\n\n\n<p>F\u00f6rm\u00e5gan att ber\u00e4tta om sin egen kompetens och tidigare arbetserfarenhet ans\u00e5gs vara de viktigaste faktorerna med tanke p\u00e5 syssels\u00e4ttningen. Tolv procent av respondenterna har upplevt arbetsl\u00f6shet \u00e5tminstone en tid efter examen. Vid tidpunkten f\u00f6r enk\u00e4ten arbetade 85 procent av respondenterna p\u00e5 heltid och endast tv\u00e5 procent av respondenterna var arbetsl\u00f6sa arbetss\u00f6kande.<\/p>\n\n\n\n<p>Respondenterna sysselsattes mest typiskt inom den privata sektorn (78 %). Majoriteten (55 %) av respondenterna sysselsattes i stora f\u00f6retag (som syssels\u00e4tter \u00f6ver 250 personer). Den n\u00e4st st\u00f6rsta gruppen (23 %) sysselsattes i sm\u00e5 och medelstora f\u00f6retag. Respondenternas medianl\u00f6n \u00e5r 2024 var 5 200 \u20ac. F\u00f6r m\u00e4n var medianl\u00f6nen 5 600 \u20ac och f\u00f6r kvinnor 5 000 \u20ac. Skillnaden f\u00f6rklaras delvis av att valet av huvud\u00e4mne betonas olika mellan k\u00f6nen. Mest tj\u00e4nade de som hade studerat finansiering, informationsledning och redovisning och finansiering som huvud\u00e4mne. De l\u00e4gsta inkomsterna hade de som studerat marknadsf\u00f6ring, ledning och f\u00f6retagande.<\/p>\n\n\n\n<p>Respondenterna arbetade mest typiskt med finansierings- och ekonomif\u00f6rvaltningsuppgifter (29 %), n\u00e4st h\u00f6gsta andelen var planerings-, utvecklings- och f\u00f6rvaltningsuppgifter, som 16 % av respondenterna arbetade med.<\/p>\n\n\n\n<p>Majoriteten av respondenterna upplevde att kravniv\u00e5n p\u00e5 deras arbetsuppgifter motsvarar universitetsutbildningen v\u00e4l. Likas\u00e5 upplevde majoriteten att de kunde utnyttja de kunskaper och f\u00e4rdigheter som de l\u00e4rt sig vid universitetet som en del av sina nuvarande arbetsuppgifter. Trots detta var en h\u00f6gskoleexamen ett krav f\u00f6r endast h\u00e4lften av respondenternas nuvarande arbetsuppgifter. P\u00e5 fr\u00e5gan om varf\u00f6r de hade tagit emot en arbetsplats som inte motsvarade utbildningsniv\u00e5n var det vanligaste svaret (23 %) att de upplevde arbetet som mer intressant. 13 % hade inte f\u00e5tt ett arbete som motsvarade deras utbildning.<\/p>\n\n\n\n<div style=\"height:20px\" aria-hidden=\"true\" class=\"wp-block-spacer\"><\/div>\n\n\n\n<div class=\"wp-block-buttons is-layout-flex wp-block-buttons-is-layout-flex\">\n<div class=\"wp-block-button\"><a class=\"wp-block-button__link wp-element-button\" href=\"https:\/\/www.ekonomit.fi\/wp-content\/uploads\/2025\/09\/Viisi_vuotta_tyoelamassa_2024_raportti.pdf\" target=\"_blank\" rel=\"noreferrer noopener\">L\u00e4s hela rapporten (p\u00e5 Finska)<\/a><\/div>\n<\/div>\n\n\n\n<div style=\"height:15px\" aria-hidden=\"true\" class=\"wp-block-spacer\"><\/div>\n\n\n\n<p>Rapportf\u00f6rfattare: <strong>Daniel Pessah<\/strong><\/p>\n\n\n\n<div style=\"height:100px\" aria-hidden=\"true\" class=\"wp-block-spacer\"><\/div>\n<div class=\"rns\" data-title=\"Fem \u00e5r i arbetslivet\" data-tags=\"\" data-categories=\"\" data-comments=\"0\" data-date=\"1593558077000\" data-author=\"heidihaapalainen\" data-single=\"\" data-url=\"https:\/\/www.ekonomit.fi\/sv\/fem-ar-i-arbetslivet\/\"><\/div> <!-- Check out https:\/\/reactandshare.com -->","protected":false},"excerpt":{"rendered":"<p>I karri\u00e4ruppf\u00f6ljningsrapporten Fem \u00e5r i arbetslivet presenteras personer som avlagt ekonomie magisterexamen och deras&#8230;<\/p>\n","protected":false},"author":3,"featured_media":0,"parent":0,"menu_order":2,"comment_status":"closed","ping_status":"closed","template":"page-templates\/page-sidebars.php","meta":{"_acf_changed":false,"inline_featured_image":false,"advgb_blocks_editor_width":"","advgb_blocks_columns_visual_guide":"","footnotes":""},"class_list":["post-10335","page","type-page","status-publish","hentry"],"acf":[],"yoast_head":"<!-- This site is optimized with the Yoast SEO plugin v27.5 - https:\/\/yoast.com\/product\/yoast-seo-wordpress\/ -->\n<title>Fem \u00e5r i arbetslivet - Suomen Ekonomit<\/title>\n<meta name=\"robots\" content=\"index, follow, max-snippet:-1, max-image-preview:large, max-video-preview:-1\" \/>\n<link rel=\"canonical\" href=\"https:\/\/www.ekonomit.fi\/sv\/fem-ar-i-arbetslivet\/\" \/>\n<meta property=\"og:locale\" content=\"sv_SE\" \/>\n<meta property=\"og:type\" content=\"article\" \/>\n<meta property=\"og:title\" content=\"Fem \u00e5r i arbetslivet - Suomen Ekonomit\" \/>\n<meta property=\"og:description\" content=\"I karri\u00e4ruppf\u00f6ljningsrapporten Fem \u00e5r i arbetslivet presenteras personer som avlagt ekonomie magisterexamen och deras...\" \/>\n<meta property=\"og:url\" content=\"https:\/\/www.ekonomit.fi\/sv\/fem-ar-i-arbetslivet\/\" \/>\n<meta property=\"og:site_name\" content=\"Suomen Ekonomit\" \/>\n<meta property=\"article:modified_time\" content=\"2025-09-10T05:39:55+00:00\" \/>\n<meta name=\"twitter:card\" content=\"summary_large_image\" \/>\n<meta name=\"twitter:label1\" content=\"Ber\u00e4knad l\u00e4stid\" \/>\n\t<meta name=\"twitter:data1\" content=\"5 minuter\" \/>\n<script type=\"application\/ld+json\" class=\"yoast-schema-graph\">{\"@context\":\"https:\\\/\\\/schema.org\",\"@graph\":[{\"@type\":\"WebPage\",\"@id\":\"https:\\\/\\\/www.ekonomit.fi\\\/sv\\\/fem-ar-i-arbetslivet\\\/\",\"url\":\"https:\\\/\\\/www.ekonomit.fi\\\/sv\\\/fem-ar-i-arbetslivet\\\/\",\"name\":\"Fem \u00e5r i arbetslivet - Suomen Ekonomit\",\"isPartOf\":{\"@id\":\"https:\\\/\\\/www.ekonomit.fi\\\/sv\\\/#website\"},\"datePublished\":\"2020-06-30T20:01:17+00:00\",\"dateModified\":\"2025-09-10T05:39:55+00:00\",\"breadcrumb\":{\"@id\":\"https:\\\/\\\/www.ekonomit.fi\\\/sv\\\/fem-ar-i-arbetslivet\\\/#breadcrumb\"},\"inLanguage\":\"sv-SE\",\"potentialAction\":[{\"@type\":\"ReadAction\",\"target\":[\"https:\\\/\\\/www.ekonomit.fi\\\/sv\\\/fem-ar-i-arbetslivet\\\/\"]}]},{\"@type\":\"BreadcrumbList\",\"@id\":\"https:\\\/\\\/www.ekonomit.fi\\\/sv\\\/fem-ar-i-arbetslivet\\\/#breadcrumb\",\"itemListElement\":[{\"@type\":\"ListItem\",\"position\":1,\"name\":\"Home\",\"item\":\"https:\\\/\\\/www.ekonomit.fi\\\/sv\\\/\"},{\"@type\":\"ListItem\",\"position\":2,\"name\":\"Fem \u00e5r i arbetslivet\"}]},{\"@type\":\"WebSite\",\"@id\":\"https:\\\/\\\/www.ekonomit.fi\\\/sv\\\/#website\",\"url\":\"https:\\\/\\\/www.ekonomit.fi\\\/sv\\\/\",\"name\":\"Suomen Ekonomit\",\"description\":\"\",\"publisher\":{\"@id\":\"https:\\\/\\\/www.ekonomit.fi\\\/sv\\\/#organization\"},\"potentialAction\":[{\"@type\":\"SearchAction\",\"target\":{\"@type\":\"EntryPoint\",\"urlTemplate\":\"https:\\\/\\\/www.ekonomit.fi\\\/sv\\\/?s={search_term_string}\"},\"query-input\":{\"@type\":\"PropertyValueSpecification\",\"valueRequired\":true,\"valueName\":\"search_term_string\"}}],\"inLanguage\":\"sv-SE\"},{\"@type\":\"Organization\",\"@id\":\"https:\\\/\\\/www.ekonomit.fi\\\/sv\\\/#organization\",\"name\":\"Suomen Ekonomit\",\"url\":\"https:\\\/\\\/www.ekonomit.fi\\\/sv\\\/\",\"logo\":{\"@type\":\"ImageObject\",\"inLanguage\":\"sv-SE\",\"@id\":\"https:\\\/\\\/www.ekonomit.fi\\\/sv\\\/#\\\/schema\\\/logo\\\/image\\\/\",\"url\":\"https:\\\/\\\/www.ekonomit.fi\\\/wp-content\\\/uploads\\\/2020\\\/05\\\/ekonomit-mer-nega.png\",\"contentUrl\":\"https:\\\/\\\/www.ekonomit.fi\\\/wp-content\\\/uploads\\\/2020\\\/05\\\/ekonomit-mer-nega.png\",\"width\":870,\"height\":307,\"caption\":\"Suomen Ekonomit\"},\"image\":{\"@id\":\"https:\\\/\\\/www.ekonomit.fi\\\/sv\\\/#\\\/schema\\\/logo\\\/image\\\/\"}}]}<\/script>\n<!-- \/ Yoast SEO plugin. -->","yoast_head_json":{"title":"Fem \u00e5r i arbetslivet - Suomen Ekonomit","robots":{"index":"index","follow":"follow","max-snippet":"max-snippet:-1","max-image-preview":"max-image-preview:large","max-video-preview":"max-video-preview:-1"},"canonical":"https:\/\/www.ekonomit.fi\/sv\/fem-ar-i-arbetslivet\/","og_locale":"sv_SE","og_type":"article","og_title":"Fem \u00e5r i arbetslivet - Suomen Ekonomit","og_description":"I karri\u00e4ruppf\u00f6ljningsrapporten Fem \u00e5r i arbetslivet presenteras personer som avlagt ekonomie magisterexamen och deras...","og_url":"https:\/\/www.ekonomit.fi\/sv\/fem-ar-i-arbetslivet\/","og_site_name":"Suomen Ekonomit","article_modified_time":"2025-09-10T05:39:55+00:00","twitter_card":"summary_large_image","twitter_misc":{"Ber\u00e4knad l\u00e4stid":"5 minuter"},"schema":{"@context":"https:\/\/schema.org","@graph":[{"@type":"WebPage","@id":"https:\/\/www.ekonomit.fi\/sv\/fem-ar-i-arbetslivet\/","url":"https:\/\/www.ekonomit.fi\/sv\/fem-ar-i-arbetslivet\/","name":"Fem \u00e5r i arbetslivet - Suomen Ekonomit","isPartOf":{"@id":"https:\/\/www.ekonomit.fi\/sv\/#website"},"datePublished":"2020-06-30T20:01:17+00:00","dateModified":"2025-09-10T05:39:55+00:00","breadcrumb":{"@id":"https:\/\/www.ekonomit.fi\/sv\/fem-ar-i-arbetslivet\/#breadcrumb"},"inLanguage":"sv-SE","potentialAction":[{"@type":"ReadAction","target":["https:\/\/www.ekonomit.fi\/sv\/fem-ar-i-arbetslivet\/"]}]},{"@type":"BreadcrumbList","@id":"https:\/\/www.ekonomit.fi\/sv\/fem-ar-i-arbetslivet\/#breadcrumb","itemListElement":[{"@type":"ListItem","position":1,"name":"Home","item":"https:\/\/www.ekonomit.fi\/sv\/"},{"@type":"ListItem","position":2,"name":"Fem \u00e5r i arbetslivet"}]},{"@type":"WebSite","@id":"https:\/\/www.ekonomit.fi\/sv\/#website","url":"https:\/\/www.ekonomit.fi\/sv\/","name":"Suomen Ekonomit","description":"","publisher":{"@id":"https:\/\/www.ekonomit.fi\/sv\/#organization"},"potentialAction":[{"@type":"SearchAction","target":{"@type":"EntryPoint","urlTemplate":"https:\/\/www.ekonomit.fi\/sv\/?s={search_term_string}"},"query-input":{"@type":"PropertyValueSpecification","valueRequired":true,"valueName":"search_term_string"}}],"inLanguage":"sv-SE"},{"@type":"Organization","@id":"https:\/\/www.ekonomit.fi\/sv\/#organization","name":"Suomen Ekonomit","url":"https:\/\/www.ekonomit.fi\/sv\/","logo":{"@type":"ImageObject","inLanguage":"sv-SE","@id":"https:\/\/www.ekonomit.fi\/sv\/#\/schema\/logo\/image\/","url":"https:\/\/www.ekonomit.fi\/wp-content\/uploads\/2020\/05\/ekonomit-mer-nega.png","contentUrl":"https:\/\/www.ekonomit.fi\/wp-content\/uploads\/2020\/05\/ekonomit-mer-nega.png","width":870,"height":307,"caption":"Suomen Ekonomit"},"image":{"@id":"https:\/\/www.ekonomit.fi\/sv\/#\/schema\/logo\/image\/"}}]}},"coauthors":[],"author_meta":{"author_link":"https:\/\/www.ekonomit.fi\/sv\/author\/heidihaapalainen\/","display_name":"heidihaapalainen"},"relative_dates":{"created":"Publicerad 6 \u00e5r sedan","modified":"Uppdaterad 8 m\u00e5nader sedan"},"absolute_dates":{"created":"Publicerat den 30 juni 2020","modified":"Uppdaterad den 10 september 2025"},"absolute_dates_time":{"created":"Publicerat den 30 juni 2020 23:01","modified":"Uppdaterad den 10 september 2025 08:39"},"featured_img_caption":"","featured_img":false,"series_order":"","jetpack_sharing_enabled":true,"_links":{"self":[{"href":"https:\/\/www.ekonomit.fi\/sv\/wp-json\/wp\/v2\/pages\/10335","targetHints":{"allow":["GET"]}}],"collection":[{"href":"https:\/\/www.ekonomit.fi\/sv\/wp-json\/wp\/v2\/pages"}],"about":[{"href":"https:\/\/www.ekonomit.fi\/sv\/wp-json\/wp\/v2\/types\/page"}],"author":[{"embeddable":true,"href":"https:\/\/www.ekonomit.fi\/sv\/wp-json\/wp\/v2\/users\/3"}],"replies":[{"embeddable":true,"href":"https:\/\/www.ekonomit.fi\/sv\/wp-json\/wp\/v2\/comments?post=10335"}],"version-history":[{"count":4,"href":"https:\/\/www.ekonomit.fi\/sv\/wp-json\/wp\/v2\/pages\/10335\/revisions"}],"predecessor-version":[{"id":46893,"href":"https:\/\/www.ekonomit.fi\/sv\/wp-json\/wp\/v2\/pages\/10335\/revisions\/46893"}],"wp:attachment":[{"href":"https:\/\/www.ekonomit.fi\/sv\/wp-json\/wp\/v2\/media?parent=10335"}],"curies":[{"name":"wp","href":"https:\/\/api.w.org\/{rel}","templated":true}]}}